{"id":3684,"date":"2022-02-21T17:40:41","date_gmt":"2022-02-21T16:40:41","guid":{"rendered":"http:\/\/www.walhalla-lamm.de\/cms\/?page_id=3684"},"modified":"2022-02-23T12:29:36","modified_gmt":"2022-02-23T11:29:36","slug":"waldschaf-eine-vom-aussterben-bedrohte-nutztierrasse","status":"publish","type":"page","link":"https:\/\/www.walhalla-lamm.de\/cms\/waldschaf-eine-vom-aussterben-bedrohte-nutztierrasse\/","title":{"rendered":"Waldschaf \u2014 Eine vom Aussterben bedrohte Nutztierrasse"},"content":{"rendered":"\n<div class=\"wp-block-buttons is-layout-flex wp-block-buttons-is-layout-flex\">\n<div class=\"wp-block-button\"><a class=\"wp-block-button__link\" href=\"http:\/\/www.walhalla-lamm.de\/cms\/unsere-tiere\/\" target=\"_blank\" rel=\"noreferrer noopener\">Unsere Tiere<\/a><\/div>\n\n\n\n<div class=\"wp-block-button\"><a class=\"wp-block-button__link\" href=\"http:\/\/www.walhalla-lamm.de\/cms\/waldschaf-eine-vom-aussterben-bedrohte-nutztierrasse\/\" target=\"_blank\" rel=\"noreferrer noopener\">Waldschaf<\/a><\/div>\n\n\n\n<div class=\"wp-block-button\"><a class=\"wp-block-button__link\" href=\"http:\/\/www.walhalla-lamm.de\/cms\/coburger-fuchsschaf-eine-vom-aussterben-bedrohte-nutztierrasse\/\" target=\"_blank\" rel=\"noreferrer noopener\">Coburger Fuchsschaf<\/a><\/div>\n\n\n\n<div class=\"wp-block-button\"><a class=\"wp-block-button__link\" href=\"http:\/\/www.walhalla-lamm.de\/cms\/bentheimer-landschaf-eine-vom-aussterben-bedrohte-nutztierrasse\/\" target=\"_blank\" rel=\"noreferrer noopener\">Bentheimer Landschaf<\/a><\/div>\n\n\n\n<div class=\"wp-block-button\"><a class=\"wp-block-button__link\" href=\"http:\/\/www.walhalla-lamm.de\/cms\/buendner-strahlenziege-eine-vom-aussterben-bedrohte-nutztierrasse\/\" target=\"_blank\" rel=\"noreferrer noopener\">B\u00fcndner Strahlenziege<\/a><\/div>\n\n\n\n<div class=\"wp-block-button\"><a class=\"wp-block-button__link\" href=\"http:\/\/www.walhalla-lamm.de\/cms\/hinterwaelder-rind-eine-vom-aussterben-bedrohte-nutztierrasse\/\" target=\"_blank\" rel=\"noreferrer noopener\">Hinterw\u00e4lder Rind<\/a><\/div>\n<\/div>\n\n\n\n<div class=\"wp-block-media-text alignwide is-stacked-on-mobile is-vertically-aligned-center is-image-fill\"><figure class=\"wp-block-media-text__media lazyload\" style=\"background-image:inherit;background-position:61% 14.000000000000002%\" data-bg-image=\"url(http:\/\/www.walhalla-lamm.de\/cms\/wp-content\/uploads\/2022\/02\/waldschaf_mutterschaf_frontansicht_detail_0m7z2294-683x1024.jpg)\"><img decoding=\"async\" width=\"683\" height=\"1024\" data-src=\"http:\/\/www.walhalla-lamm.de\/cms\/wp-content\/uploads\/2022\/02\/waldschaf_mutterschaf_frontansicht_detail_0m7z2294-683x1024.jpg\" alt=\"waldschaf_mutterschaf_frontansicht_detail_\" class=\"wp-image-3686 size-full lazyload\" data-srcset=\"https:\/\/www.walhalla-lamm.de\/cms\/wp-content\/uploads\/2022\/02\/waldschaf_mutterschaf_frontansicht_detail_0m7z2294-683x1024.jpg 683w, https:\/\/www.walhalla-lamm.de\/cms\/wp-content\/uploads\/2022\/02\/waldschaf_mutterschaf_frontansicht_detail_0m7z2294-600x900.jpg 600w, https:\/\/www.walhalla-lamm.de\/cms\/wp-content\/uploads\/2022\/02\/waldschaf_mutterschaf_frontansicht_detail_0m7z2294-200x300.jpg 200w, https:\/\/www.walhalla-lamm.de\/cms\/wp-content\/uploads\/2022\/02\/waldschaf_mutterschaf_frontansicht_detail_0m7z2294-768x1152.jpg 768w, https:\/\/www.walhalla-lamm.de\/cms\/wp-content\/uploads\/2022\/02\/waldschaf_mutterschaf_frontansicht_detail_0m7z2294-1024x1536.jpg 1024w, https:\/\/www.walhalla-lamm.de\/cms\/wp-content\/uploads\/2022\/02\/waldschaf_mutterschaf_frontansicht_detail_0m7z2294-416x624.jpg 416w, https:\/\/www.walhalla-lamm.de\/cms\/wp-content\/uploads\/2022\/02\/waldschaf_mutterschaf_frontansicht_detail_0m7z2294.jpg 1200w\" data-sizes=\"(max-width: 683px) 100vw, 683px\" src=\"data:image\/svg+xml;base64,PHN2ZyB3aWR0aD0iMSIgaGVpZ2h0PSIxIiB4bWxucz0iaHR0cDovL3d3dy53My5vcmcvMjAwMC9zdmciPjwvc3ZnPg==\" style=\"--smush-placeholder-width: 683px; --smush-placeholder-aspect-ratio: 683\/1024;\" \/><\/figure><div class=\"wp-block-media-text__content\">\n<h2 class=\"wp-block-heading\" id=\"rassebeschreibung\">RASSEBESCHREIBUNG<\/h2>\n\n\n\n<p>Kleines bis mittelgro\u00dfes, meist wei\u00dfes Landschaf. Kleine, beinahe waagrecht abstehende Ohren. Beide Geschlechter k\u00f6nnen sowohl behornt als auch unbehornt sein. Waldschafe sind feingliedrig und haben einen langen, bewollten Schwanz.<br>Charakteristisch f\u00fcr diese Rasse, wie f\u00fcr die meisten alten Schafrassen, ist die Mischwolle.<\/p>\n<\/div><\/div>\n\n\n\n<div class=\"wp-block-media-text alignwide has-media-on-the-right is-stacked-on-mobile is-vertically-aligned-center\"><figure class=\"wp-block-media-text__media\"><img decoding=\"async\" width=\"1024\" height=\"597\" data-src=\"http:\/\/www.walhalla-lamm.de\/cms\/wp-content\/uploads\/2022\/02\/waldschaf_lamm_schreit_detail_013-1024x597.jpg\" alt=\"waldschaf_lamm_schreit\" class=\"wp-image-3688 size-full lazyload\" data-srcset=\"https:\/\/www.walhalla-lamm.de\/cms\/wp-content\/uploads\/2022\/02\/waldschaf_lamm_schreit_detail_013-1024x597.jpg 1024w, https:\/\/www.walhalla-lamm.de\/cms\/wp-content\/uploads\/2022\/02\/waldschaf_lamm_schreit_detail_013-600x350.jpg 600w, https:\/\/www.walhalla-lamm.de\/cms\/wp-content\/uploads\/2022\/02\/waldschaf_lamm_schreit_detail_013-300x175.jpg 300w, https:\/\/www.walhalla-lamm.de\/cms\/wp-content\/uploads\/2022\/02\/waldschaf_lamm_schreit_detail_013-768x448.jpg 768w, https:\/\/www.walhalla-lamm.de\/cms\/wp-content\/uploads\/2022\/02\/waldschaf_lamm_schreit_detail_013-416x243.jpg 416w, https:\/\/www.walhalla-lamm.de\/cms\/wp-content\/uploads\/2022\/02\/waldschaf_lamm_schreit_detail_013-103x60.jpg 103w, https:\/\/www.walhalla-lamm.de\/cms\/wp-content\/uploads\/2022\/02\/waldschaf_lamm_schreit_detail_013-154x90.jpg 154w, https:\/\/www.walhalla-lamm.de\/cms\/wp-content\/uploads\/2022\/02\/waldschaf_lamm_schreit_detail_013.jpg 1200w\" data-sizes=\"(max-width: 1024px) 100vw, 1024px\" src=\"data:image\/svg+xml;base64,PHN2ZyB3aWR0aD0iMSIgaGVpZ2h0PSIxIiB4bWxucz0iaHR0cDovL3d3dy53My5vcmcvMjAwMC9zdmciPjwvc3ZnPg==\" style=\"--smush-placeholder-width: 1024px; --smush-placeholder-aspect-ratio: 1024\/597;\" \/><\/figure><div class=\"wp-block-media-text__content\">\n<h2 class=\"wp-block-heading\" id=\"herkunft\">HERKUNFT<\/h2>\n\n\n\n<p>Das Waldschaf geht auf das mittelalterliche bereits ausgestorbene Zaupelschaf zur\u00fcck; eine der \u00e4ltesten Schafrassen Mitteleuropas mit dem namensgebenden Hauptverbreitungsgebiet im Bayerischen Wald und im B\u00f6hmerwald.<\/p>\n<\/div><\/div>\n\n\n\n<div class=\"wp-block-media-text alignwide is-stacked-on-mobile is-vertically-aligned-center is-image-fill\"><figure class=\"wp-block-media-text__media lazyload\" style=\"background-image:inherit;background-position:24% 48%\" data-bg-image=\"url(http:\/\/www.walhalla-lamm.de\/cms\/wp-content\/uploads\/2022\/02\/waldschaf_mutterschaf_kopf_detail_0m7z2294-819x1024.jpg)\"><img decoding=\"async\" width=\"819\" height=\"1024\" data-src=\"http:\/\/www.walhalla-lamm.de\/cms\/wp-content\/uploads\/2022\/02\/waldschaf_mutterschaf_kopf_detail_0m7z2294-819x1024.jpg\" alt=\"waldschaf_mutterschaf_kopf\" class=\"wp-image-3691 size-full lazyload\" data-srcset=\"https:\/\/www.walhalla-lamm.de\/cms\/wp-content\/uploads\/2022\/02\/waldschaf_mutterschaf_kopf_detail_0m7z2294-819x1024.jpg 819w, https:\/\/www.walhalla-lamm.de\/cms\/wp-content\/uploads\/2022\/02\/waldschaf_mutterschaf_kopf_detail_0m7z2294-600x750.jpg 600w, https:\/\/www.walhalla-lamm.de\/cms\/wp-content\/uploads\/2022\/02\/waldschaf_mutterschaf_kopf_detail_0m7z2294-240x300.jpg 240w, https:\/\/www.walhalla-lamm.de\/cms\/wp-content\/uploads\/2022\/02\/waldschaf_mutterschaf_kopf_detail_0m7z2294-768x960.jpg 768w, https:\/\/www.walhalla-lamm.de\/cms\/wp-content\/uploads\/2022\/02\/waldschaf_mutterschaf_kopf_detail_0m7z2294-416x520.jpg 416w, https:\/\/www.walhalla-lamm.de\/cms\/wp-content\/uploads\/2022\/02\/waldschaf_mutterschaf_kopf_detail_0m7z2294-48x60.jpg 48w, https:\/\/www.walhalla-lamm.de\/cms\/wp-content\/uploads\/2022\/02\/waldschaf_mutterschaf_kopf_detail_0m7z2294-72x90.jpg 72w, https:\/\/www.walhalla-lamm.de\/cms\/wp-content\/uploads\/2022\/02\/waldschaf_mutterschaf_kopf_detail_0m7z2294.jpg 1200w\" data-sizes=\"(max-width: 819px) 100vw, 819px\" src=\"data:image\/svg+xml;base64,PHN2ZyB3aWR0aD0iMSIgaGVpZ2h0PSIxIiB4bWxucz0iaHR0cDovL3d3dy53My5vcmcvMjAwMC9zdmciPjwvc3ZnPg==\" style=\"--smush-placeholder-width: 819px; --smush-placeholder-aspect-ratio: 819\/1024;\" \/><\/figure><div class=\"wp-block-media-text__content\">\n<h2 class=\"wp-block-heading\" id=\"kennzeichen\">KENNZEICHEN<\/h2>\n\n\n\n<p>Feingliedriges, klein- bis mittelgro\u00dfes Landschaf mit langer, grober Wolle. Meist wei\u00df, vereinzelt schwarze und braune Tiere. Beide Geschlechter sowohl behornt als auch hornlos vorkommend. B\u00f6cke:&nbsp;60&nbsp;bis&nbsp;80&nbsp;kg, Muttern:&nbsp;40&nbsp;bis&nbsp;55&nbsp;kg.<\/p>\n<\/div><\/div>\n\n\n\n<div class=\"wp-block-media-text alignwide has-media-on-the-right is-stacked-on-mobile is-vertically-aligned-center is-image-fill\"><figure class=\"wp-block-media-text__media lazyload\" style=\"background-image:inherit;background-position:51% 19%\" data-bg-image=\"url(http:\/\/www.walhalla-lamm.de\/cms\/wp-content\/uploads\/2022\/02\/waldschaf_mit_vierlingen_detail_3854-1024x768.jpg)\"><img decoding=\"async\" width=\"1024\" height=\"768\" data-src=\"http:\/\/www.walhalla-lamm.de\/cms\/wp-content\/uploads\/2022\/02\/waldschaf_mit_vierlingen_detail_3854-1024x768.jpg\" alt=\"waldschaf_mit_vierlingen\" class=\"wp-image-3692 size-full lazyload\" data-srcset=\"https:\/\/www.walhalla-lamm.de\/cms\/wp-content\/uploads\/2022\/02\/waldschaf_mit_vierlingen_detail_3854-1024x768.jpg 1024w, https:\/\/www.walhalla-lamm.de\/cms\/wp-content\/uploads\/2022\/02\/waldschaf_mit_vierlingen_detail_3854-600x450.jpg 600w, https:\/\/www.walhalla-lamm.de\/cms\/wp-content\/uploads\/2022\/02\/waldschaf_mit_vierlingen_detail_3854-300x225.jpg 300w, https:\/\/www.walhalla-lamm.de\/cms\/wp-content\/uploads\/2022\/02\/waldschaf_mit_vierlingen_detail_3854-768x576.jpg 768w, https:\/\/www.walhalla-lamm.de\/cms\/wp-content\/uploads\/2022\/02\/waldschaf_mit_vierlingen_detail_3854-416x312.jpg 416w, https:\/\/www.walhalla-lamm.de\/cms\/wp-content\/uploads\/2022\/02\/waldschaf_mit_vierlingen_detail_3854-80x60.jpg 80w, https:\/\/www.walhalla-lamm.de\/cms\/wp-content\/uploads\/2022\/02\/waldschaf_mit_vierlingen_detail_3854-120x90.jpg 120w, https:\/\/www.walhalla-lamm.de\/cms\/wp-content\/uploads\/2022\/02\/waldschaf_mit_vierlingen_detail_3854.jpg 1200w\" data-sizes=\"(max-width: 1024px) 100vw, 1024px\" src=\"data:image\/svg+xml;base64,PHN2ZyB3aWR0aD0iMSIgaGVpZ2h0PSIxIiB4bWxucz0iaHR0cDovL3d3dy53My5vcmcvMjAwMC9zdmciPjwvc3ZnPg==\" style=\"--smush-placeholder-width: 1024px; --smush-placeholder-aspect-ratio: 1024\/768;\" \/><\/figure><div class=\"wp-block-media-text__content\">\n<h2 class=\"wp-block-heading\" id=\"eigenschaften-leistungen\">EIGENSCHAFTEN&nbsp;\/&nbsp;LEISTUNGEN<\/h2>\n\n\n\n<p>Robuste, witterungsunempfindliche und gen\u00fcgsame Rasse mit hoher Fruchtbarkeit. Gute Muttereigenschaften und Milchleistung. Lange, schlichte Wolle zum Handspinnen geeignet. Asaisonale Brunst. Schmackhaftes Lammfleisch. F\u00fcr extensive Landschafts\u00adpflege geeignet.<\/p>\n<\/div><\/div>\n\n\n\n<div class=\"wp-block-media-text alignwide is-stacked-on-mobile is-vertically-aligned-center is-image-fill\"><figure class=\"wp-block-media-text__media lazyload\" style=\"background-image:inherit;background-position:50% 50%\" data-bg-image=\"url(http:\/\/www.walhalla-lamm.de\/cms\/wp-content\/uploads\/2022\/02\/waldschaf_laemmer_unter_heuraufe_detail_3838-1024x1024.jpg)\"><img decoding=\"async\" width=\"1024\" height=\"1024\" data-src=\"http:\/\/www.walhalla-lamm.de\/cms\/wp-content\/uploads\/2022\/02\/waldschaf_laemmer_unter_heuraufe_detail_3838-1024x1024.jpg\" alt=\"waldschaf_laemmer_unter_heuraufe\" class=\"wp-image-3693 size-full lazyload\" data-srcset=\"https:\/\/www.walhalla-lamm.de\/cms\/wp-content\/uploads\/2022\/02\/waldschaf_laemmer_unter_heuraufe_detail_3838-1024x1024.jpg 1024w, https:\/\/www.walhalla-lamm.de\/cms\/wp-content\/uploads\/2022\/02\/waldschaf_laemmer_unter_heuraufe_detail_3838-300x300.jpg 300w, https:\/\/www.walhalla-lamm.de\/cms\/wp-content\/uploads\/2022\/02\/waldschaf_laemmer_unter_heuraufe_detail_3838-100x100.jpg 100w, https:\/\/www.walhalla-lamm.de\/cms\/wp-content\/uploads\/2022\/02\/waldschaf_laemmer_unter_heuraufe_detail_3838-600x600.jpg 600w, https:\/\/www.walhalla-lamm.de\/cms\/wp-content\/uploads\/2022\/02\/waldschaf_laemmer_unter_heuraufe_detail_3838-150x150.jpg 150w, https:\/\/www.walhalla-lamm.de\/cms\/wp-content\/uploads\/2022\/02\/waldschaf_laemmer_unter_heuraufe_detail_3838-768x768.jpg 768w, https:\/\/www.walhalla-lamm.de\/cms\/wp-content\/uploads\/2022\/02\/waldschaf_laemmer_unter_heuraufe_detail_3838-324x324.jpg 324w, https:\/\/www.walhalla-lamm.de\/cms\/wp-content\/uploads\/2022\/02\/waldschaf_laemmer_unter_heuraufe_detail_3838-416x416.jpg 416w, https:\/\/www.walhalla-lamm.de\/cms\/wp-content\/uploads\/2022\/02\/waldschaf_laemmer_unter_heuraufe_detail_3838-60x60.jpg 60w, https:\/\/www.walhalla-lamm.de\/cms\/wp-content\/uploads\/2022\/02\/waldschaf_laemmer_unter_heuraufe_detail_3838-90x90.jpg 90w, https:\/\/www.walhalla-lamm.de\/cms\/wp-content\/uploads\/2022\/02\/waldschaf_laemmer_unter_heuraufe_detail_3838.jpg 1200w\" data-sizes=\"(max-width: 1024px) 100vw, 1024px\" src=\"data:image\/svg+xml;base64,PHN2ZyB3aWR0aD0iMSIgaGVpZ2h0PSIxIiB4bWxucz0iaHR0cDovL3d3dy53My5vcmcvMjAwMC9zdmciPjwvc3ZnPg==\" style=\"--smush-placeholder-width: 1024px; --smush-placeholder-aspect-ratio: 1024\/1024;\" \/><\/figure><div class=\"wp-block-media-text__content\">\n<h2 class=\"wp-block-heading\" id=\"gefahrdungsgrad\">GEF\u00c4HRDUNGSGRAD<\/h2>\n\n\n\n<p>Kategorie&nbsp;I (extrem gef\u00e4hrdet) in der Roten Liste der&nbsp;<a href=\"http:\/\/www.g-e-h.de\/\" target=\"_blank\" rel=\"noreferrer noopener\">Gesellschaft zur Erhaltung alter und gef\u00e4hrdeter Haustierrassen<\/a>.<\/p>\n<\/div><\/div>\n\n\n\n<div class=\"wp-block-media-text alignwide has-media-on-the-right is-stacked-on-mobile\"><figure class=\"wp-block-media-text__media\"><img decoding=\"async\" width=\"540\" height=\"369\" data-src=\"http:\/\/www.walhalla-lamm.de\/cms\/wp-content\/uploads\/2022\/02\/waldschaf_bock_am_stall.jpg\" alt=\"waldschaf_bock_am_stall\" class=\"wp-image-3694 size-full lazyload\" data-srcset=\"https:\/\/www.walhalla-lamm.de\/cms\/wp-content\/uploads\/2022\/02\/waldschaf_bock_am_stall.jpg 540w, https:\/\/www.walhalla-lamm.de\/cms\/wp-content\/uploads\/2022\/02\/waldschaf_bock_am_stall-416x284.jpg 416w, https:\/\/www.walhalla-lamm.de\/cms\/wp-content\/uploads\/2022\/02\/waldschaf_bock_am_stall-300x205.jpg 300w, https:\/\/www.walhalla-lamm.de\/cms\/wp-content\/uploads\/2022\/02\/waldschaf_bock_am_stall-88x60.jpg 88w, https:\/\/www.walhalla-lamm.de\/cms\/wp-content\/uploads\/2022\/02\/waldschaf_bock_am_stall-132x90.jpg 132w\" data-sizes=\"(max-width: 540px) 100vw, 540px\" src=\"data:image\/svg+xml;base64,PHN2ZyB3aWR0aD0iMSIgaGVpZ2h0PSIxIiB4bWxucz0iaHR0cDovL3d3dy53My5vcmcvMjAwMC9zdmciPjwvc3ZnPg==\" style=\"--smush-placeholder-width: 540px; --smush-placeholder-aspect-ratio: 540\/369;\" \/><\/figure><div class=\"wp-block-media-text__content\">\n<p class=\"has-large-font-size\"><\/p>\n<\/div><\/div>\n\n\n\n<div class=\"wp-block-media-text alignwide is-stacked-on-mobile\"><figure class=\"wp-block-media-text__media\"><img decoding=\"async\" width=\"1024\" height=\"794\" data-src=\"http:\/\/www.walhalla-lamm.de\/cms\/wp-content\/uploads\/2022\/02\/waldschafe_3er_detail_0m7z1657-1024x794.jpg\" alt=\"waldschafe_3er\" class=\"wp-image-3695 size-full lazyload\" data-srcset=\"https:\/\/www.walhalla-lamm.de\/cms\/wp-content\/uploads\/2022\/02\/waldschafe_3er_detail_0m7z1657-1024x794.jpg 1024w, https:\/\/www.walhalla-lamm.de\/cms\/wp-content\/uploads\/2022\/02\/waldschafe_3er_detail_0m7z1657-600x465.jpg 600w, https:\/\/www.walhalla-lamm.de\/cms\/wp-content\/uploads\/2022\/02\/waldschafe_3er_detail_0m7z1657-300x233.jpg 300w, https:\/\/www.walhalla-lamm.de\/cms\/wp-content\/uploads\/2022\/02\/waldschafe_3er_detail_0m7z1657-768x595.jpg 768w, https:\/\/www.walhalla-lamm.de\/cms\/wp-content\/uploads\/2022\/02\/waldschafe_3er_detail_0m7z1657-416x322.jpg 416w, https:\/\/www.walhalla-lamm.de\/cms\/wp-content\/uploads\/2022\/02\/waldschafe_3er_detail_0m7z1657-77x60.jpg 77w, https:\/\/www.walhalla-lamm.de\/cms\/wp-content\/uploads\/2022\/02\/waldschafe_3er_detail_0m7z1657-116x90.jpg 116w, https:\/\/www.walhalla-lamm.de\/cms\/wp-content\/uploads\/2022\/02\/waldschafe_3er_detail_0m7z1657.jpg 1200w\" data-sizes=\"(max-width: 1024px) 100vw, 1024px\" src=\"data:image\/svg+xml;base64,PHN2ZyB3aWR0aD0iMSIgaGVpZ2h0PSIxIiB4bWxucz0iaHR0cDovL3d3dy53My5vcmcvMjAwMC9zdmciPjwvc3ZnPg==\" style=\"--smush-placeholder-width: 1024px; --smush-placeholder-aspect-ratio: 1024\/794;\" \/><\/figure><div class=\"wp-block-media-text__content\">\n<p class=\"has-large-font-size\"><\/p>\n<\/div><\/div>\n\n\n\n<div class=\"wp-block-media-text alignwide has-media-on-the-right is-stacked-on-mobile\"><figure class=\"wp-block-media-text__media\"><img decoding=\"async\" width=\"800\" height=\"848\" data-src=\"http:\/\/www.walhalla-lamm.de\/cms\/wp-content\/uploads\/2022\/02\/waldschafbock_horn_detail_3381.jpg\" alt=\"waldschafbock_horn\" class=\"wp-image-3696 size-full lazyload\" data-srcset=\"https:\/\/www.walhalla-lamm.de\/cms\/wp-content\/uploads\/2022\/02\/waldschafbock_horn_detail_3381.jpg 800w, https:\/\/www.walhalla-lamm.de\/cms\/wp-content\/uploads\/2022\/02\/waldschafbock_horn_detail_3381-600x636.jpg 600w, https:\/\/www.walhalla-lamm.de\/cms\/wp-content\/uploads\/2022\/02\/waldschafbock_horn_detail_3381-283x300.jpg 283w, https:\/\/www.walhalla-lamm.de\/cms\/wp-content\/uploads\/2022\/02\/waldschafbock_horn_detail_3381-768x814.jpg 768w, https:\/\/www.walhalla-lamm.de\/cms\/wp-content\/uploads\/2022\/02\/waldschafbock_horn_detail_3381-416x441.jpg 416w, https:\/\/www.walhalla-lamm.de\/cms\/wp-content\/uploads\/2022\/02\/waldschafbock_horn_detail_3381-57x60.jpg 57w, https:\/\/www.walhalla-lamm.de\/cms\/wp-content\/uploads\/2022\/02\/waldschafbock_horn_detail_3381-85x90.jpg 85w\" data-sizes=\"(max-width: 800px) 100vw, 800px\" src=\"data:image\/svg+xml;base64,PHN2ZyB3aWR0aD0iMSIgaGVpZ2h0PSIxIiB4bWxucz0iaHR0cDovL3d3dy53My5vcmcvMjAwMC9zdmciPjwvc3ZnPg==\" style=\"--smush-placeholder-width: 800px; --smush-placeholder-aspect-ratio: 800\/848;\" \/><\/figure><div class=\"wp-block-media-text__content\">\n<p class=\"has-large-font-size\"><\/p>\n<\/div><\/div>\n\n\n\n<div style=\"height:24px\" aria-hidden=\"true\" class=\"wp-block-spacer\"><\/div>\n\n\n\n<div class=\"wp-block-buttons is-layout-flex wp-block-buttons-is-layout-flex\">\n<div class=\"wp-block-button\"><a class=\"wp-block-button__link\" href=\"http:\/\/www.walhalla-lamm.de\/cms\/unsere-tiere\/\" target=\"_blank\" rel=\"noreferrer noopener\">Unsere Tiere<\/a><\/div>\n\n\n\n<div class=\"wp-block-button\"><a class=\"wp-block-button__link\" href=\"http:\/\/www.walhalla-lamm.de\/cms\/waldschaf-eine-vom-aussterben-bedrohte-nutztierrasse\/\" target=\"_blank\" rel=\"noreferrer noopener\">Waldschaf<\/a><\/div>\n\n\n\n<div class=\"wp-block-button\"><a class=\"wp-block-button__link\" href=\"http:\/\/www.walhalla-lamm.de\/cms\/coburger-fuchsschaf-eine-vom-aussterben-bedrohte-nutztierrasse\/\" target=\"_blank\" rel=\"noreferrer noopener\">Coburger Fuchsschaf<\/a><\/div>\n\n\n\n<div class=\"wp-block-button\"><a class=\"wp-block-button__link\" href=\"http:\/\/www.walhalla-lamm.de\/cms\/bentheimer-landschaf-eine-vom-aussterben-bedrohte-nutztierrasse\/\" target=\"_blank\" rel=\"noreferrer noopener\">Bentheimer Landschaf<\/a><\/div>\n\n\n\n<div class=\"wp-block-button\"><a class=\"wp-block-button__link\" href=\"http:\/\/www.walhalla-lamm.de\/cms\/buendner-strahlenziege-eine-vom-aussterben-bedrohte-nutztierrasse\/\" target=\"_blank\" rel=\"noreferrer noopener\">B\u00fcndner Strahlenziege<\/a><\/div>\n\n\n\n<div class=\"wp-block-button\"><a class=\"wp-block-button__link\" href=\"http:\/\/www.walhalla-lamm.de\/cms\/hinterwaelder-rind-eine-vom-aussterben-bedrohte-nutztierrasse\/\" target=\"_blank\" rel=\"noreferrer noopener\">Hinterw\u00e4lder Rind<\/a><\/div>\n<\/div>\n","protected":false},"excerpt":{"rendered":"<p>RASSEBESCHREIBUNG Kleines bis mittelgro\u00dfes, meist wei\u00dfes Landschaf. Kleine, beinahe waagrecht abstehende Ohren. Beide Geschlechter k\u00f6nnen sowohl behornt als auch unbehornt sein. Waldschafe sind feingliedrig und haben einen langen, bewollten Schwanz.Charakteristisch f\u00fcr diese Rasse, wie f\u00fcr die meisten alten Schafrassen, ist die Mischwolle. HERKUNFT Das Waldschaf geht auf das mittelalterliche bereits ausgestorbene Zaupelschaf zur\u00fcck; eine der [&hellip;]<\/p>\n","protected":false},"author":399,"featured_media":0,"parent":0,"menu_order":0,"comment_status":"closed","ping_status":"closed","template":"","meta":{"footnotes":""},"class_list":["post-3684","page","type-page","status-publish","hentry"],"_links":{"self":[{"href":"https:\/\/www.walhalla-lamm.de\/cms\/wp-json\/wp\/v2\/pages\/3684","targetHints":{"allow":["GET"]}}],"collection":[{"href":"https:\/\/www.walhalla-lamm.de\/cms\/wp-json\/wp\/v2\/pages"}],"about":[{"href":"https:\/\/www.walhalla-lamm.de\/cms\/wp-json\/wp\/v2\/types\/page"}],"author":[{"embeddable":true,"href":"https:\/\/www.walhalla-lamm.de\/cms\/wp-json\/wp\/v2\/users\/399"}],"replies":[{"embeddable":true,"href":"https:\/\/www.walhalla-lamm.de\/cms\/wp-json\/wp\/v2\/comments?post=3684"}],"version-history":[{"count":13,"href":"https:\/\/www.walhalla-lamm.de\/cms\/wp-json\/wp\/v2\/pages\/3684\/revisions"}],"predecessor-version":[{"id":3799,"href":"https:\/\/www.walhalla-lamm.de\/cms\/wp-json\/wp\/v2\/pages\/3684\/revisions\/3799"}],"wp:attachment":[{"href":"https:\/\/www.walhalla-lamm.de\/cms\/wp-json\/wp\/v2\/media?parent=3684"}],"curies":[{"name":"wp","href":"https:\/\/api.w.org\/{rel}","templated":true}]}}